{"id":667,"date":"2019-11-21T17:46:38","date_gmt":"2019-11-21T16:46:38","guid":{"rendered":"http:\/\/paroisses-vic-bigorre.com\/?page_id=667"},"modified":"2026-01-11T18:33:40","modified_gmt":"2026-01-11T17:33:40","slug":"luquet-eglise-st-julien","status":"publish","type":"page","link":"https:\/\/paroisses-vic-bigorre.fr\/?page_id=667","title":{"rendered":"Luquet : \u00e9glise St-laurent"},"content":{"rendered":"<p><img loading=\"lazy\" decoding=\"async\" class=\"aligncenter\" src=\"https:\/\/upload.wikimedia.org\/wikipedia\/commons\/thumb\/2\/21\/Blason_ville_fr_Luquet_%2865%29.svg\/545px-Blason_ville_fr_Luquet_%2865%29.svg.png\" alt=\"Fichier:Blason ville fr Luquet (65).svg\" width=\"113\" height=\"124\" \/><\/p>\n<p>&nbsp;<\/p>\n<p style=\"text-align: right;\"><em>426 habitants (2023)<\/em><\/p>\n<p style=\"text-align: justify;\">Situ\u00e9e\u00a0 sur le\u00a0 plateau de Ger, Comme Garderes,\u00a0 la commune deLuquet est une enclave (sud) des Hautes-Pyr\u00e9n\u00e9es (r\u00e9gion Occitanie) dans les Pyr\u00e9n\u00e9es-Atlantiques (r\u00e9gion Aquitaine). Une deuxi\u00e8me enclave (nord ) voisine comprend les communes de Seron, Villenave et Escaunets. Ces cinq communes rel\u00e8vent de la Communaut\u00e9 paroissiale de Vic-Bigorre.<\/p>\n<h6 style=\"text-align: center;\"><strong><a href=\"https:\/\/paroisses-vic-bigorre.fr\/?page_id=655\" target=\"_blank\" rel=\"noopener\"><span style=\"text-decoration: underline;\">En savoir plus sur les Enclaves<\/span><\/a><\/strong><\/h6>\n<p>Luquet est un petit village fran\u00e7ais, situ\u00e9 dans le d\u00e9partement des Hautes-Pyr\u00e9n\u00e9es et la r\u00e9gion de l&rsquo;Occitanie (anciennement R\u00e9gion Midi-Pyr\u00e9n\u00e9es). Ses habitants sont appel\u00e9s les Luquetois et les Luquetoises.<br \/>\nLa commune s&rsquo;\u00e9tend sur 8,2 km\u00b2 et compte 401 habitants depuis le dernier recensement de la population datant de 2007. Avec une densit\u00e9 de 49,1 habitants par km\u00b2, Luquet a connu une nette hausse de 31,9% de sa population par rapport \u00e0 1999.<br \/>\nEntour\u00e9 par les communes de Livron, Eslourenties-Daban et Aast, Luquet est situ\u00e9 \u00e0 2 km au sud-ouest de Gard\u00e8res la plus grande ville aux alentours.<br \/>\nSitu\u00e9 \u00e0 387 m\u00e8tres d&rsquo;altitude, la Rivi\u00e8re Le Gabas, le Ruisseau du Goua de Michou, le Ruisseau Hoursoumou sont les principaux cours d&rsquo;eau qui traversent la commune de Luquet.<\/p>\n<h4 style=\"text-align: center;\"><span style=\"color: #ff6600;\"><strong>L&rsquo;\u00e9glise St-Laurent<\/strong><\/span><\/h4>\n<p><a href=\"https:\/\/paroisses-vic-bigorre.fr\/wp-content\/uploads\/2024\/06\/Luquet.jpg\"><img loading=\"lazy\" decoding=\"async\" class=\"aligncenter wp-image-13963 size-medium\" src=\"https:\/\/paroisses-vic-bigorre.fr\/wp-content\/uploads\/2024\/06\/Luquet-300x238.jpg\" alt=\"\" width=\"300\" height=\"238\" srcset=\"https:\/\/paroisses-vic-bigorre.fr\/wp-content\/uploads\/2024\/06\/Luquet-300x238.jpg 300w, https:\/\/paroisses-vic-bigorre.fr\/wp-content\/uploads\/2024\/06\/Luquet-150x119.jpg 150w, https:\/\/paroisses-vic-bigorre.fr\/wp-content\/uploads\/2024\/06\/Luquet-352x280.jpg 352w, https:\/\/paroisses-vic-bigorre.fr\/wp-content\/uploads\/2024\/06\/Luquet.jpg 754w\" sizes=\"auto, (max-width: 300px) 100vw, 300px\" \/><\/a><\/p>\n<h5 style=\"text-align: center;\"><span style=\"color: #008000;\"><span style=\"color: #ff6600;\"><strong>St-Laurent de Rome :\u00a0diacre et martyr \u00e0 Rome (\u271d 258<\/strong><\/span>)<\/span><\/h5>\n<p style=\"text-align: center;\"><span style=\"color: #0000ff;\"><strong>F\u00eate : 10\u00a0<\/strong><b>ao\u00fbt<\/b><\/span><\/p>\n<p style=\"text-align: justify;\">La \u00ab\u00a0passio\u00a0\u00bb de St Laurent, r\u00e9dig\u00e9e au moins un si\u00e8cle apr\u00e8s sa mort, n&rsquo;est pas cr\u00e9dible. Le r\u00e9cit pr\u00e9tend que Laurent, diacre du pape saint Sixte II, fut mis \u00e0 mort trois jours apr\u00e8s le martyre de ce dernier et qu&rsquo;il fut br\u00fbl\u00e9 \u00e0 petit feu sur un gril, ce qu&rsquo;on ne souhaite \u00e0 personne. La plupart des auteurs modernes estiment qu&rsquo;il fut d\u00e9capit\u00e9, comme Sixte. Quoiqu&rsquo;on pense de la valeur des \u00ab\u00a0acta\u00a0\u00bb, il n&rsquo;en reste pas moins que Laurent a toujours \u00e9t\u00e9 v\u00e9n\u00e9r\u00e9, en Orient comme en Occident, comme le plus c\u00e9l\u00e8bre des nombreux martyrs romains (voir la liste chronologique, autour des ann\u00e9es 258-259&#8230;). Les \u00e9crits des saints Ambroise, L\u00e9on le Grand, Augustin et Prudence t\u00e9moignent de ce culte.<br \/>\nSon nom est cit\u00e9 dans la premi\u00e8re pri\u00e8re eucharistique. Il est repr\u00e9sent\u00e9 comme diacre, tenant un gril ou couch\u00e9 dessus.peinture saint Laurent d&rsquo;Eze<br \/>\nDiacre de l&rsquo;\u00c9glise de Rome, aupr\u00e8s du pape saint Sixte II, il a pour fonction d&rsquo;\u00eatre le gardien des biens de l&rsquo;\u00c9glise. Lorsque l&#8217;empereur Val\u00e9rien prend un \u00e9dit de pers\u00e9cution interdisant le culte chr\u00e9tien, m\u00eame dans les cimeti\u00e8res, il est arr\u00eat\u00e9 en m\u00eame temps que le pape et les autres diacres. Ils sont imm\u00e9diatement mis \u00e0 mort, mais lui est \u00e9pargn\u00e9 dans l&rsquo;espoir qu&rsquo;il va livrer les tr\u00e9sors de l&rsquo;\u00c9glise. Voyant le pape marcher \u00e0 la mort, Laurent pleure. Est-il donc indigne de donner sa vie pour le Christ? Saint Sixte le rassure, il ne tardera pas \u00e0 le suivre. Somm\u00e9 de livrer les tr\u00e9sors, il rassemble les pauvres, les infirmes, les boiteux, les aveugles. \u00ab\u00a0Voil\u00e0 les tr\u00e9sors de l&rsquo;\u00c9glise.\u00a0\u00bb Il est condamn\u00e9 \u00e0 \u00eatre br\u00fbl\u00e9 vif sur le gril. Il a encore le sens de l&rsquo;humour et un courage extraordinaire : \u00ab\u00a0<em>C&rsquo;est bien grill\u00e9 de ce c\u00f4t\u00e9, tu peux retourner<\/em>,\u00a0\u00bb aurait-il dit au bourreau. Il fut l&rsquo;un des martyrs les plus c\u00e9l\u00e8bres de la chr\u00e9tient\u00e9. Au Moyen Age, avec saint Pierre et saint Paul, il \u00e9tait le patron de la Ville \u00e9ternelle o\u00f9 34 \u00e9glises s&rsquo;\u00e9levaient en son honneur. 84 communes fran\u00e7aises portent son nom.<\/p>\n<p style=\"text-align: right;\"><em>Source : Martyrologe romain &#8211; Nominis<\/em><\/p>\n<p>&nbsp;<\/p>\n<p style=\"text-align: center;\">\n","protected":false},"excerpt":{"rendered":"<p>&nbsp; 426 habitants (2023) Situ\u00e9e\u00a0 sur le\u00a0 plateau de Ger, Comme Garderes,\u00a0 la commune deLuquet est une enclave (sud) des Hautes-Pyr\u00e9n\u00e9es (r\u00e9gion Occitanie) dans les Pyr\u00e9n\u00e9es-Atlantiques (r\u00e9gion Aquitaine). Une deuxi\u00e8me&#8230;<\/p>\n<p> <a class=\"continue-reading-link\" href=\"https:\/\/paroisses-vic-bigorre.fr\/?page_id=667\"><span>LIRE LA SUITE<\/span><i class=\"crycon-right-dir\"><\/i><\/a> <\/p>\n","protected":false},"author":2,"featured_media":0,"parent":0,"menu_order":0,"comment_status":"closed","ping_status":"closed","template":"","meta":{"footnotes":""},"class_list":["post-667","page","type-page","status-publish","hentry"],"jetpack_sharing_enabled":true,"_links":{"self":[{"href":"https:\/\/paroisses-vic-bigorre.fr\/index.php?rest_route=\/wp\/v2\/pages\/667","targetHints":{"allow":["GET"]}}],"collection":[{"href":"https:\/\/paroisses-vic-bigorre.fr\/index.php?rest_route=\/wp\/v2\/pages"}],"about":[{"href":"https:\/\/paroisses-vic-bigorre.fr\/index.php?rest_route=\/wp\/v2\/types\/page"}],"author":[{"embeddable":true,"href":"https:\/\/paroisses-vic-bigorre.fr\/index.php?rest_route=\/wp\/v2\/users\/2"}],"replies":[{"embeddable":true,"href":"https:\/\/paroisses-vic-bigorre.fr\/index.php?rest_route=%2Fwp%2Fv2%2Fcomments&post=667"}],"version-history":[{"count":4,"href":"https:\/\/paroisses-vic-bigorre.fr\/index.php?rest_route=\/wp\/v2\/pages\/667\/revisions"}],"predecessor-version":[{"id":16184,"href":"https:\/\/paroisses-vic-bigorre.fr\/index.php?rest_route=\/wp\/v2\/pages\/667\/revisions\/16184"}],"wp:attachment":[{"href":"https:\/\/paroisses-vic-bigorre.fr\/index.php?rest_route=%2Fwp%2Fv2%2Fmedia&parent=667"}],"curies":[{"name":"wp","href":"https:\/\/api.w.org\/{rel}","templated":true}]}}