{"id":617,"date":"2019-11-21T13:30:03","date_gmt":"2019-11-21T12:30:03","guid":{"rendered":"http:\/\/paroisses-vic-bigorre.com\/?page_id=617"},"modified":"2024-06-21T17:36:27","modified_gmt":"2024-06-21T15:36:27","slug":"retable-autel","status":"publish","type":"page","link":"https:\/\/paroisses-vic-bigorre.fr\/?page_id=617","title":{"rendered":"Retable &#038; autel Vic"},"content":{"rendered":"<h4 style=\"text-align: center;\"><a href=\"https:\/\/paroisses-vic-bigorre.fr\/wp-content\/uploads\/2024\/06\/Livret-juin-2024.pdf\" target=\"_blank\" rel=\"noopener noreferrer\"><span style=\"color: #ff6600;\">Eglise Saint-Martin de Vic-Bigorre<\/span><\/a><\/h4>\n<h4><span style=\"color: #000080;\"><strong>RETABLE<\/strong><\/span><\/h4>\n<p><img loading=\"lazy\" decoding=\"async\" class=\"size-medium wp-image-13743 aligncenter\" src=\"https:\/\/paroisses-vic-bigorre.fr\/wp-content\/uploads\/2024\/06\/Vic-Retable-161219-300x225.png\" alt=\"\" width=\"300\" height=\"225\" srcset=\"https:\/\/paroisses-vic-bigorre.fr\/wp-content\/uploads\/2024\/06\/Vic-Retable-161219-300x225.png 300w, https:\/\/paroisses-vic-bigorre.fr\/wp-content\/uploads\/2024\/06\/Vic-Retable-161219-1024x768.png 1024w, https:\/\/paroisses-vic-bigorre.fr\/wp-content\/uploads\/2024\/06\/Vic-Retable-161219-768x576.png 768w, https:\/\/paroisses-vic-bigorre.fr\/wp-content\/uploads\/2024\/06\/Vic-Retable-161219-150x113.png 150w, https:\/\/paroisses-vic-bigorre.fr\/wp-content\/uploads\/2024\/06\/Vic-Retable-161219.png 1173w\" sizes=\"auto, (max-width: 300px) 100vw, 300px\" \/><\/p>\n<p>&nbsp;<\/p>\n<p style=\"text-align: justify;\">Le 2 octobre 1677,\u00a0 Simon Boisson, Ma\u00eetre-sculpteur de Montpellier et Vital, architecte sign\u00e8rent un accord avec Simon Junca, cur\u00e9 de Vic-Bigorre, Manaud de Monds, Jean Lafforgue, Jean Ducasse et Victor Lamanetre, Consuls de la Ville, un accord pour la construction d&rsquo;un retable, moyennant la somme de 2 200 livres. Simon Boisson s&rsquo;\u00e9tablit \u00e0 Vic o\u00f9 il \u00e9pousa Jeanne Lasserre, le 23 juin 1681.<\/p>\n<p>Le retable est constitu\u00e9 d&rsquo;un triptyque\u00a0 repr\u00e9sentant :<\/p>\n<ul>\n<li><em>\u00e0 gauche : la d\u00e9collation de St-Jean-Baptiste<\/em><\/li>\n<li><em>au centre :\u00a0 L\u2019\u00e9v\u00eaque\u00a0 Martin ressuscitant un enfant. Au dessus un Christ en croix\u00a0 encadr\u00e9 de St-Pierre et de<\/em><\/li>\n<li><em> St-Paul ainsi que <\/em><\/li>\n<li><em>de pots \u00e0 feu. St-Martin occupe la place centrale du triptyque en tant que saint-patron de la paroisse.<\/em><\/li>\n<li><em>\u00e0 droite : l&rsquo;assomption de la Vierge Marie<\/em><\/li>\n<\/ul>\n<p style=\"text-align: justify;\">Un autel en marbre orn\u00e9 d&rsquo;un \u00e9cusson et d&rsquo;angelots, est plac\u00e9 au centre de la composition avec au milieu le tabernacle.<\/p>\n<p style=\"text-align: justify;\">Le 20 avril 1749 un contrat de dorure est \u00e9tabli. Ainsi le bois blanc prend vie et couleurs sous le pinceau des ma\u00eetres doreurs Martin Accod de Lembeye et Jean Lapierre de l&rsquo;lsle-en-Jourdain, soutenus par la caution de Jean Colom\u00e8s, ma\u00eetre menuisier \u00e0 Vic-en-Bigorre. C&rsquo;est un enchantement pour les yeux, ma\u00eetre-autel dor\u00e9 en plain, Christ incarn\u00e9, draperies dor\u00e9es, nuages dor\u00e9s, flammes des vases couleur de feu, I&rsquo;architrave, la grande corniche, les frises, les colonnes, les bases, les chapiteaux, les bas-reliefs, les contours, les panneaux, les consoles, les pi\u00e9destaux, les linges et ornements sont dor\u00e9s. Quelques sc\u00e8nes couleur marbre, cadres bronz\u00e9s et fonds du plan gris perle verniss\u00e9 sont ajout\u00e9s.<\/p>\n<p style=\"text-align: justify;\">En 1867, le cur\u00e9 Michel Latour prend l&rsquo;initiative de restaurer les retables. Sur sa cassette personnelle, les deux lat\u00e9raux sont raviv\u00e9s et le retable central est pris en charge par la ville. Henry Abadie, peintre \u00e0 Tarbes, est choisi pour son talent. Le choix des couleurs de 1749 est parfaitement respect\u00e9. La dorure de Saint-Martin, des deux grands vases sur la corniche et des bouquets plac\u00e9s sur les autels &#8211; aujourd&rsquo;hui disparus &#8211; sont dor\u00e9s \u00e0 la d\u00e9trempe mate et brunie. Le devis de 3.000 F est approuv\u00e9 le 16 septembre 1867 et, un an apr\u00e8s, les paroissiens peuvent appr\u00e9cier un travail soign\u00e9. L&rsquo;Abb\u00e9 Latour a toutefois la mauvaise id\u00e9e &#8211; qui s&rsquo;explique par la liturgie de l&rsquo;\u00e9poque &#8211; d&rsquo;enlever les parties lat\u00e9rales pour en orner deux chapelles. En 1950, des artisans vicquois sous l&rsquo;impulsion du chanoine Robert Gardey, cur\u00e9-doyen de Vic, r\u00e9tabliront la configuration d&rsquo;origine, 83 ans apr\u00e8s la s\u00e9paration.<\/p>\n<p style=\"text-align: justify;\"><strong>Le retable est class\u00e9 au mobilier historique du minist\u00e8re de la Culture, depuis le 5 novembre 1953.<\/strong><\/p>\n<p style=\"text-align: right;\"><em>Sources :\u00a0 Robert Gardey et Claude Larronde<\/em><\/p>\n<h4><span style=\"color: #333399;\"><strong>AUTEL et\u00a0CH\u0152UR<\/strong><\/span><\/h4>\n<div id=\"attachment_14200\" style=\"width: 310px\" class=\"wp-caption aligncenter\"><img loading=\"lazy\" decoding=\"async\" aria-describedby=\"caption-attachment-14200\" class=\"wp-image-14200 size-medium\" src=\"https:\/\/paroisses-vic-bigorre.fr\/wp-content\/uploads\/2024\/06\/Vic-autel-300x225.jpg\" alt=\"\" width=\"300\" height=\"225\" srcset=\"https:\/\/paroisses-vic-bigorre.fr\/wp-content\/uploads\/2024\/06\/Vic-autel-300x225.jpg 300w, https:\/\/paroisses-vic-bigorre.fr\/wp-content\/uploads\/2024\/06\/Vic-autel-1024x768.jpg 1024w, https:\/\/paroisses-vic-bigorre.fr\/wp-content\/uploads\/2024\/06\/Vic-autel-768x576.jpg 768w, https:\/\/paroisses-vic-bigorre.fr\/wp-content\/uploads\/2024\/06\/Vic-autel-1536x1152.jpg 1536w, https:\/\/paroisses-vic-bigorre.fr\/wp-content\/uploads\/2024\/06\/Vic-autel-2048x1536.jpg 2048w, https:\/\/paroisses-vic-bigorre.fr\/wp-content\/uploads\/2024\/06\/Vic-autel-150x113.jpg 150w, https:\/\/paroisses-vic-bigorre.fr\/wp-content\/uploads\/2024\/06\/Vic-autel-373x280.jpg 373w\" sizes=\"auto, (max-width: 300px) 100vw, 300px\" \/><p id=\"caption-attachment-14200\" class=\"wp-caption-text\">Nouvel autel en marbre<\/p><\/div>\n<p style=\"text-align: justify;\">Le ma\u00eetre-autel en marbre adoss\u00e9 au retable a \u00e9t\u00e9 utilis\u00e9 jusqu&rsquo;au Concile de Vatican II (1962-1965); le pr\u00eatre c\u00e9l\u00e9brait alors face au tabernacle et de dos aux fid\u00e8les. Une balustrade en bois sculpt\u00e9 entourait le ch\u0153ur qui comportait des stalles de part et d&rsquo;autre. La balustrade servait de \u00ab\u00a0table sainte\u00a0\u00bb, derri\u00e8re laquelle les fid\u00e8les s&rsquo;agenouillaient pour recevoir la communion. Cette balustrade et les stalles ont \u00e9t\u00e9 en partie supprim\u00e9es et d\u00e9plac\u00e9es ailleurs dans l&rsquo;\u00e9glise dans les ann\u00e9es 1980 (c<em>hapelles St-Joseph et de la Vierge<\/em>).<\/p>\n<p style=\"text-align: justify;\">Afin de c\u00e9l\u00e9brer, conform\u00e9ment au concile, la messe \u00ab\u00a0face au peuple\u00a0\u00bb, des autels provisoires successifs ont \u00e9t\u00e9 mis en place.<\/p>\n<p style=\"text-align: justify;\">En 2019, un autel fixe en marbre des Pyr\u00e9n\u00e9es est install\u00e9. Il a \u00e9t\u00e9 financ\u00e9 par un g\u00e9n\u00e9reux donateur et des fid\u00e8les de la paroisse. Le nouvel autel a \u00e9t\u00e9 consacr\u00e9 (d\u00e9dicace) le 30 mai 2019 par Mgr Nicolas Brouwet, \u00e9v\u00eaque de Tarbes-Lourdes<\/p>\n<p><a href=\"https:\/\/paroisses-vic-bigorre.fr\/wp-content\/uploads\/2024\/06\/Vic-autel-dedicace.png\"><img loading=\"lazy\" decoding=\"async\" class=\"aligncenter wp-image-14199 size-large\" src=\"https:\/\/paroisses-vic-bigorre.fr\/wp-content\/uploads\/2024\/06\/Vic-autel-dedicace-1024x578.png\" alt=\"\" width=\"1024\" height=\"578\" srcset=\"https:\/\/paroisses-vic-bigorre.fr\/wp-content\/uploads\/2024\/06\/Vic-autel-dedicace-1024x578.png 1024w, https:\/\/paroisses-vic-bigorre.fr\/wp-content\/uploads\/2024\/06\/Vic-autel-dedicace-300x169.png 300w, https:\/\/paroisses-vic-bigorre.fr\/wp-content\/uploads\/2024\/06\/Vic-autel-dedicace-768x433.png 768w, https:\/\/paroisses-vic-bigorre.fr\/wp-content\/uploads\/2024\/06\/Vic-autel-dedicace-1536x867.png 1536w, https:\/\/paroisses-vic-bigorre.fr\/wp-content\/uploads\/2024\/06\/Vic-autel-dedicace-150x85.png 150w, https:\/\/paroisses-vic-bigorre.fr\/wp-content\/uploads\/2024\/06\/Vic-autel-dedicace-496x280.png 496w, https:\/\/paroisses-vic-bigorre.fr\/wp-content\/uploads\/2024\/06\/Vic-autel-dedicace.png 1712w\" sizes=\"auto, (max-width: 1024px) 100vw, 1024px\" \/><\/a><\/p>\n<div style=\"text-align: right;\">A<strong>rticle paru dans la Nouvelle R\u00e9publique le 26 juin 2019 sous la signature de Josiane Pomes<\/strong><\/div>\n<div style=\"text-align: justify;\">Un \u00e9v\u00e9nement pour la communaut\u00e9 catholique de l&rsquo;ensemble paroissial de Vic : la d\u00e9dicace du nouvel autel de l&rsquo;\u00e9glise St-Martin ; l&rsquo;\u00e9v\u00e9nement a eu lieu le jeudi de l&rsquo;Ascension, lors de la c\u00e9l\u00e9bration de l&rsquo;office par Nicolas Brouwet, \u00e9v\u00eaque du dioc\u00e8se Tarbes-Lourdes, entour\u00e9 du cur\u00e9 de la paroisse, le p\u00e8re Rapha\u00ebl de Lassus et du vicaire, le p\u00e8re Christian Lagarde. En voici le compte rendu par Anne T., paroissienne.<\/div>\n<div style=\"text-align: justify;\"><em>\u00ab\u00c0 Vic-en-Bigorre, le 30 mai a eu lieu un \u00e9v\u00e9nement assez unique en son genre : la d\u00e9dicace du nouvel autel de l&rsquo;\u00e9glise Saint-Martin. D\u00e9dicace consid\u00e9r\u00e9e comme l&rsquo;un des rites les plus solennels de la liturgie catholique, l&rsquo;autel \u00e9tant le signe du Christ qui donne sa vie pour nous. L&rsquo;autel, en marbre des Pyr\u00e9n\u00e9es, est constitu\u00e9 de douze plaques de marbres rouge et gris, repr\u00e9sentant les douze ap\u00f4tres du Christ et formant le pilier de l&rsquo;autel. Le tout est surplomb\u00e9 d&rsquo;une majestueuse plaque en marbre, repr\u00e9sentant le Christ lui-m\u00eame, chef de son \u00c9glise. La c\u00e9r\u00e9monie a \u00e9t\u00e9 tr\u00e8s solennelle, d\u00e9roulant de multiples symboles : l&rsquo;aspersion, l&rsquo;onction avec de l&rsquo;huile b\u00e9nite de la plaque de l&rsquo;autel, l&rsquo;encensement, la parure et l&rsquo;illumination de l&rsquo;autel. Des reliques du bienheureux Alain Solminihac, \u00e9v\u00eaque de Cahors au XVIIe si\u00e8cle, ont \u00e9t\u00e9 ins\u00e9r\u00e9es dans l&rsquo;autel. Une belle c\u00e9l\u00e9bration cl\u00f4tur\u00e9e par un repas convivial au foyer Saint-Martin\u00bb. Et cette invitation : \u00abVous \u00eates les bienvenus pour venir admirer cette magnifique \u0153uvre d&rsquo;art dans l&rsquo;\u00e9glise de Vic\u00bb.<\/em><\/div>\n<div>\n<div id=\"attachment_14338\" style=\"width: 310px\" class=\"wp-caption aligncenter\"><img loading=\"lazy\" decoding=\"async\" aria-describedby=\"caption-attachment-14338\" class=\"wp-image-14338 size-medium\" src=\"https:\/\/paroisses-vic-bigorre.fr\/wp-content\/uploads\/2024\/06\/Vic-dedicace-autel-2-300x225.jpg\" alt=\"\" width=\"300\" height=\"225\" srcset=\"https:\/\/paroisses-vic-bigorre.fr\/wp-content\/uploads\/2024\/06\/Vic-dedicace-autel-2-300x225.jpg 300w, https:\/\/paroisses-vic-bigorre.fr\/wp-content\/uploads\/2024\/06\/Vic-dedicace-autel-2-150x113.jpg 150w, https:\/\/paroisses-vic-bigorre.fr\/wp-content\/uploads\/2024\/06\/Vic-dedicace-autel-2-200x150.jpg 200w, https:\/\/paroisses-vic-bigorre.fr\/wp-content\/uploads\/2024\/06\/Vic-dedicace-autel-2.jpg 750w\" sizes=\"auto, (max-width: 300px) 100vw, 300px\" \/><p id=\"caption-attachment-14338\" class=\"wp-caption-text\">Cr\u00e9dit photo : Josiane POMES DDM<\/p><\/div>\n<\/div>\n<div><\/div>\n<div>\n<p>&nbsp;<\/p>\n<h5><\/h5>\n<h5 style=\"text-align: center;\"><\/h5>\n<\/div>\n","protected":false},"excerpt":{"rendered":"<p>Eglise Saint-Martin de Vic-Bigorre RETABLE &nbsp; Le 2 octobre 1677,\u00a0 Simon Boisson, Ma\u00eetre-sculpteur de Montpellier et Vital, architecte sign\u00e8rent un accord avec Simon Junca, cur\u00e9 de Vic-Bigorre, Manaud de Monds,&#8230;<\/p>\n<p> <a class=\"continue-reading-link\" href=\"https:\/\/paroisses-vic-bigorre.fr\/?page_id=617\"><span>LIRE LA SUITE<\/span><i class=\"crycon-right-dir\"><\/i><\/a> <\/p>\n","protected":false},"author":2,"featured_media":0,"parent":0,"menu_order":0,"comment_status":"closed","ping_status":"closed","template":"","meta":{"footnotes":""},"class_list":["post-617","page","type-page","status-publish","hentry"],"jetpack_sharing_enabled":true,"_links":{"self":[{"href":"https:\/\/paroisses-vic-bigorre.fr\/index.php?rest_route=\/wp\/v2\/pages\/617","targetHints":{"allow":["GET"]}}],"collection":[{"href":"https:\/\/paroisses-vic-bigorre.fr\/index.php?rest_route=\/wp\/v2\/pages"}],"about":[{"href":"https:\/\/paroisses-vic-bigorre.fr\/index.php?rest_route=\/wp\/v2\/types\/page"}],"author":[{"embeddable":true,"href":"https:\/\/paroisses-vic-bigorre.fr\/index.php?rest_route=\/wp\/v2\/users\/2"}],"replies":[{"embeddable":true,"href":"https:\/\/paroisses-vic-bigorre.fr\/index.php?rest_route=%2Fwp%2Fv2%2Fcomments&post=617"}],"version-history":[{"count":6,"href":"https:\/\/paroisses-vic-bigorre.fr\/index.php?rest_route=\/wp\/v2\/pages\/617\/revisions"}],"predecessor-version":[{"id":14349,"href":"https:\/\/paroisses-vic-bigorre.fr\/index.php?rest_route=\/wp\/v2\/pages\/617\/revisions\/14349"}],"wp:attachment":[{"href":"https:\/\/paroisses-vic-bigorre.fr\/index.php?rest_route=%2Fwp%2Fv2%2Fmedia&parent=617"}],"curies":[{"name":"wp","href":"https:\/\/api.w.org\/{rel}","templated":true}]}}