{"id":15647,"date":"2025-11-01T09:36:23","date_gmt":"2025-11-01T08:36:23","guid":{"rendered":"https:\/\/paroisses-vic-bigorre.fr\/?page_id=15647"},"modified":"2026-01-30T17:01:24","modified_gmt":"2026-01-30T16:01:24","slug":"la-paroisse","status":"publish","type":"page","link":"https:\/\/paroisses-vic-bigorre.fr\/?page_id=15647","title":{"rendered":"La paroisse Val d&rsquo;Adour"},"content":{"rendered":"<p><a href=\"https:\/\/paroisses-vic-bigorre.fr\/wp-content\/uploads\/2026\/01\/St-LEZER-hiver.jpg\" rel=\"Eglise &amp; prieur\u00e9 de Saint-L\u00e9zer\"><img loading=\"lazy\" decoding=\"async\" class=\"aligncenter wp-image-16349\" src=\"https:\/\/paroisses-vic-bigorre.fr\/wp-content\/uploads\/2026\/01\/St-LEZER-hiver-300x169.jpg\" alt=\"\" width=\"371\" height=\"209\" \/><\/a><\/p>\n<p style=\"text-align: justify;\">Les 64 paroisses\u00a0 situ\u00e9es dans le\u00a0 nord du d\u00e9partement des Hautes-Pyr\u00e9n\u00e9es ont \u00e9t\u00e9 regroup\u00e9es, \u00e0 compter du 1er septembre 2025,\u00a0 en une seule : <strong>la paroisse Val d&rsquo;Adour.<\/strong><\/p>\n<p>Elle est subdivis\u00e9e en deux communaut\u00e9s paroissiales :<\/p>\n<ul>\n<li>Vic-Bigorre, Andrest &amp; Enclaves<\/li>\n<li>Maubourguet, Rivi\u00e8re-Basse &amp; Rabastens<\/li>\n<\/ul>\n<h4><strong><span style=\"color: #ff6600;\">Les communes de la paroisse<\/span><\/strong><\/h4>\n<h5><span style=\"color: #008000;\"><strong>Rivi\u00e8re-Basse (8)<\/strong>: Castelnau-Rivi\u00e8re-Basse, Madiran,\u00a0Hagedet, H\u00e8res, Lascaz\u00e8res, Soublecause, Villefranque &amp; Saint-Lanne.<\/span><\/h5>\n<h5><span style=\"color: #008000;\"><strong>Maubourguet (17):<\/strong> Ansost, Auri\u00e9bat, Barbachen, Buzon, Caussade, Estirac, Gensac, Labatut-Rivi\u00e8re, Lafitole, Lahitte-Toupi\u00e8re, Larreule, Liac, Maubourguet, Monfaucon, Sauveterre, Sombrun &amp; Vidouze.<\/span><\/h5>\n<h5><span style=\"color: #008000;\"><strong>Vic-en-Bigorre (8)<\/strong>: Artagnan, Caixon, Camal\u00e8s, Nouilhan, Pujo, Saint-L\u00e9zer, Sanous &amp; Vic-en-Bigorre.<\/span><\/h5>\n<h5><span style=\"color: #008000;\"><strong>Andrest (7) <\/strong>: Andrest, Marsac, Sarniguet, Siarrouy, Talazac, Tostat &amp; Villenave-pr\u00e8s-Marsac.<\/span><\/h5>\n<h5><span style=\"color: #008000;\"><strong>Enclaves (9)<\/strong>: B\u00e9deille (64), Escaunets, Gard\u00e8res, Luquet, Oroix, Pintac, S\u00e9ron, Tarasteix &amp; Villenave-pr\u00e8s-B\u00e9arn.<\/span><\/h5>\n<h5><span style=\"color: #008000;\"><strong>Rabastens-de-Bigorre (15):<\/strong> Bazillac, Escondeaux,\u00a0 Lacassagne, Lam\u00e9ac, Lescurry, Mansan, Mingot, Peyrun, Rabastens-de-Bigorre, Sarriac-Bigorre, S\u00e9galas, S\u00e9nac, St-Sever-de-Rustan, Trouley-Labarthe &amp; Ugnouas.<\/span><\/h5>\n<h4><span style=\"color: #ff6600;\"><strong>Sites internet :<\/strong><\/span><\/h4>\n<p style=\"text-align: center;\"><a href=\"https:\/\/eglisesvaladour.simdif.com\/\" target=\"_blank\" rel=\"noopener\">Paroisse du Val d&rsquo;Adour<\/a><\/p>\n<p style=\"text-align: center;\"><a href=\"https:\/\/paroissemaubourguet.jimdofree.com\/\" target=\"_blank\" rel=\"noopener\">Communaut\u00e9 Maubourguet, Rivi\u00e8re-Basse &amp; Rabastens<\/a><\/p>\n<p style=\"text-align: center;\"><a href=\"https:\/\/paroisses-vic-bigorre.fr\/\" target=\"_blank\" rel=\"noopener\">Communaut\u00e9 Vic-Bigorre, Andrest et Enclave<\/a>s<\/p>\n<h4><span style=\"color: #ff6600;\"><strong>Un peu d&rsquo;histoire<\/strong><\/span><\/h4>\n<h5 style=\"text-align: justify;\"><span style=\"color: #008000;\">L&rsquo;actuel Val d&rsquo;Adour comptait deux pays diff\u00e9rents : au nord le vicomt\u00e9 de Rivi\u00e8re-Basse (<em>dont le ch\u00e2teau existe encore \u00e0 Labatut-Rivi\u00e8re)<\/em> et le comt\u00e9 de Bigorre au sud. La Rivi\u00e8re-Basse a \u00e9t\u00e9 rattach\u00e9e \u00e0 la Bigorre en 1256.<\/span><\/h5>\n<h5><span style=\"color: #008000;\">Longtemps, la pr\u00e9sence de religieux et de religieuses a \u00e9t\u00e9 importante dans ce secteur du dioc\u00e8se :<\/span><\/h5>\n<ul>\n<li style=\"text-align: justify;\">\n<h5><span style=\"color: #008000;\"><a style=\"color: #008000;\" href=\"https:\/\/fr.wikipedia.org\/wiki\/Abbaye_de_Saint-Sever-de-Rustan\" target=\"_blank\" rel=\"noopener noreferrer\">Abbaye de St-Sever de Rustan<\/a> construite \u00e0 partir du IXe si\u00e8cle : la magnifique fa\u00e7ade du \u00ab\u00a0pavillon des h\u00f4tes\u00a0\u00bb tient plus d&rsquo;un palais que d&rsquo;une abbaye ! C&rsquo;est une &#8211; peut \u00eatre la plus belle &#8211; des anciennes abbayes du dioc\u00e8se avec celle de l&rsquo;Escaladieu. Les moines ont d\u00fb l&rsquo;abandonner en 1790. L&rsquo;abbatiale deviendra l&rsquo;\u00e9glise paroissiale, le Pavillon des H\u00f4tes la mairie-\u00e9cole.\u00a0 Au XIX\u00e8me si\u00e8cle, elle est en partie d\u00e9pec\u00e9e : son clo\u00eetre est transf\u00e9r\u00e9 au Jardin Massey de Tarbes et son orgue (1730-1760 Dom Bedos class\u00e9 MH en 1973) install\u00e9 \u00e0 l&rsquo;\u00e9glise St-Jean de Tarbes puis \u00e0 l&rsquo;\u00e9glise Notre Dame de Castelnau-Magnoac.\u00a0 Heureusement aux XXe si\u00e8cle, elle est class\u00e9e monument historique, les b\u00e2timents conventuels sont rachet\u00e9s et restaur\u00e9s par le Conseil D\u00e9partemental et aujourd&rsquo;hui la Communaut\u00e9 de Communes Adour-Madiran en assure la <a style=\"color: #008000;\" href=\"http:\/\/adour-madiran.fr\/abbaye-de-saint-sever-de-rustan\/\" target=\"_blank\" rel=\"noopener noreferrer\">visite et l&rsquo;animation.<\/a><\/span><\/h5>\n<\/li>\n<li>\n<p><div id=\"attachment_14075\" style=\"width: 269px\" class=\"wp-caption aligncenter\"><a style=\"color: #008000;\" href=\"https:\/\/paroisses-vic-bigorre.fr\/wp-content\/uploads\/2024\/06\/St-Sever1.jpg\"><img loading=\"lazy\" decoding=\"async\" aria-describedby=\"caption-attachment-14075\" class=\"wp-image-14075 size-full\" src=\"https:\/\/paroisses-vic-bigorre.fr\/wp-content\/uploads\/2024\/06\/St-Sever1.jpg\" alt=\"\" width=\"259\" height=\"194\" srcset=\"https:\/\/paroisses-vic-bigorre.fr\/wp-content\/uploads\/2024\/06\/St-Sever1.jpg 259w, https:\/\/paroisses-vic-bigorre.fr\/wp-content\/uploads\/2024\/06\/St-Sever1-150x112.jpg 150w\" sizes=\"auto, (max-width: 259px) 100vw, 259px\" \/><\/a><p id=\"caption-attachment-14075\" class=\"wp-caption-text\"><span style=\"color: #008000;\">Pavillon des h\u00f4tes &#8211; Abbaye de St-Sever<\/span><\/p><\/div><\/li>\n<li style=\"text-align: justify;\">\n<h5><span style=\"color: #008000;\"><a style=\"color: #008000;\" href=\"https:\/\/fr.wikipedia.org\/wiki\/Abbaye_Saint-Orens_de_Larreule\">Abbaye de Larreule<\/a> fond\u00e9e au Xe si\u00e8cle par des B\u00e9n\u00e9dictins de Cluny. Elle ferma en 1773 et l&rsquo;abbatiale devient l&rsquo;\u00e9glise paroissiale St-Orens. Des colonnes et chapiteaux de l&rsquo;ancienne abbaye sont expos\u00e9s dans une salle situ\u00e9e en bas du clocher.<\/span><\/h5>\n<\/li>\n<li style=\"text-align: justify;\">\n<h5><span style=\"color: #008000;\"><a style=\"color: #008000;\" href=\"https:\/\/paroisses-vic-bigorre.fr\/?page_id=1053\" target=\"_blank\" rel=\"noopener\">Monast\u00e8re de St-L\u00e9zer f<\/a>ond\u00e9 au VIe si\u00e8cle sur un ancien oppidum romain il fut occup\u00e9 par des B\u00e9n\u00e9dictins de l&rsquo;ordre de Cluny. Il ferma en 1790 et l&rsquo;\u00e9glise abbatiale f\u00fbt d\u00e9molie. Seul subsiste le b\u00e2timent dit \u00ab\u00a0prieur\u00e9\u00a0\u00bb qui abrite l&rsquo;\u00e9glise du village.<\/span><\/h5>\n<\/li>\n<li><span style=\"color: #008000;\">Prieur\u00e9 de Madiran cr\u00e9\u00e9 au XIe si\u00e8cle par des b\u00e9n\u00e9dictins et abandonn\u00e9 en 1952. Des b\u00e9n\u00e9dictines sont rest\u00e9es \u00e9galement \u00e0 Madiran (<em>actuel ESAT St-Rapha\u00ebl)<\/em> jusqu&rsquo;en 1952.<\/span><\/li>\n<li style=\"text-align: justify;\">\n<h5><span style=\"color: #008000;\"><a style=\"color: #008000;\" href=\"http:\/\/www.mairie-vic-bigorre.fr\/fr\/information\/45396\/le-cloitre-minimes\" target=\"_blank\" rel=\"noopener noreferrer\">Couvent des Minimes \u00e0 Vic-Bigorre :<\/a> fond\u00e9 en 1609, il \u00e9tait occup\u00e9 par des moines de <a style=\"color: #008000;\" href=\"https:\/\/fr.wikipedia.org\/wiki\/Ordre_des_Minimes\" target=\"_blank\" rel=\"noopener noreferrer\">l&rsquo;Ordre mendiant des Minimes.<\/a> Il ferma en 1790.<\/span><\/h5>\n<\/li>\n<li style=\"text-align: justify;\">\n<h5><span style=\"color: #008000;\">Diverses congr\u00e9gations f\u00e9minines (S\u0153urs de St-Vincent de Paul, S\u0153urs de la Charit\u00e9, Filles de la Croix, S\u0153urs de St-Joseph de Tarbes dites de Cantaous etc..) se sont longtemps occup\u00e9es d&rsquo;\u00e9coles et d&rsquo;hospices \u00e0 Maubourguet, Vic et Rabastens. A noter que les derniers moines et moniales ont quitt\u00e9 le Val d&rsquo;Adour en 1952, pas pour aller bien loin : les b\u00e9n\u00e9dictins \u00e0 <a style=\"color: #008000;\" href=\"http:\/\/www.abbaye-tournay.com\/\" target=\"_blank\" rel=\"noopener noreferrer\">Tournay<\/a><span style=\"font-family: Helvetica, sans-serif;\"> et les b\u00e9n\u00e9dictines \u00e0 c\u00f4t\u00e9, \u00e0 Ozon (jusqu&rsquo;en 2004).<\/span><\/span><\/h5>\n<\/li>\n<\/ul>\n<h5><span style=\"color: #008000;\">Le Val d&rsquo;Adour compte de nombreuses \u00e9glises et chapelles dont certaines class\u00e9es ou inscrites au titre des Monuments Historiques. Parmi celles-ci :<\/span><\/h5>\n<ul>\n<li>\n<h5><span style=\"color: #008000;\"><a style=\"color: #008000;\" href=\"https:\/\/fr.wikipedia.org\/wiki\/%C3%89glise_Saint-Jean-Baptiste_de_Maz%C3%A8res\" target=\"_blank\" rel=\"noopener noreferrer\">L&rsquo;\u00e9glise St-Cyr \u00e0 Castelnau RB<\/a><\/span><\/h5>\n<\/li>\n<li>\n<h5><span style=\"color: #008000;\"><a style=\"color: #008000;\" href=\"https:\/\/monumentum.fr\/eglise-sainte-marie-pa00095395.html\" target=\"_blank\" rel=\"noopener\"><span style=\"text-decoration: underline;\">L&rsquo;\u00e9glise monastique Ste-Marie de Madiran<\/span><\/a><\/span><\/h5>\n<\/li>\n<li>\n<h5><span style=\"color: #008000;\"><a style=\"color: #008000;\" href=\"https:\/\/fr.wikipedia.org\/wiki\/Abbaye_Saint-Orens_de_Larreule\" target=\"_blank\" rel=\"noopener\">L&rsquo;\u00e9glise St-Orens de Larreule<\/a><\/span><\/h5>\n<\/li>\n<li>\n<h5><span style=\"color: #008000;\"><a style=\"color: #008000;\" href=\"https:\/\/fr.m.wikipedia.org\/wiki\/Fichier:%C3%89glise_Sainte-Eulalie_de_Camal%C3%A8s_(Hautes-Pyr%C3%A9n%C3%A9es)_1.jpg\" target=\"_blank\" rel=\"noopener\">L&rsquo;\u00e9glise Ste-Eulalie de Camales<\/a><\/span><\/h5>\n<\/li>\n<li>\n<h5><span style=\"color: #008000;\"><a style=\"color: #008000;\" href=\"https:\/\/fr.wikipedia.org\/wiki\/%C3%89glise_de_l%27Assomption_de_Maubourguet\" target=\"_blank\" rel=\"noopener noreferrer\">L&rsquo;\u00e9glise romane de l&rsquo;Assomption \u00e0 Maubourguet<\/a><\/span><\/h5>\n<\/li>\n<li>\n<h5><span style=\"color: #008000;\"><a style=\"color: #008000;\" href=\"https:\/\/monumentum.fr\/eglise-saint-louis-pa65000017.html\" target=\"_blank\" rel=\"noopener noreferrer\">L&rsquo;\u00e9glise St-Louis de Rabastens<\/a><\/span><\/h5>\n<\/li>\n<li>\n<h5><span style=\"color: #008000;\"><a style=\"color: #008000;\" href=\"https:\/\/monumentum.fr\/eglise-pa00095363.html\" target=\"_blank\" rel=\"noopener noreferrer\">L&rsquo;\u00e9glise St-Cyr\/Ste Julitte de Castelnau-Rivi\u00e8re Basse<\/a><\/span><\/h5>\n<\/li>\n<li>\n<h5><span style=\"color: #008000;\"><a style=\"color: #008000;\" href=\"https:\/\/monumentum.fr\/eglise-pa00095420.html\" target=\"_blank\" rel=\"noopener noreferrer\">L&rsquo;\u00e9glise St-Pierre \u00e0 Sarniguet<\/a><\/span><\/h5>\n<\/li>\n<li style=\"text-align: justify;\">\n<h5><span style=\"color: #008000;\">A l&rsquo;int\u00e9rieur des \u00e9glises du secteur, se trouve souvent du mobilier class\u00e9 ou inscrit MH comme le retable et la statue de l&rsquo;Immacul\u00e9e Conception situ\u00e9s dans l&rsquo;\u00e9glise de Vic-Bigorre, le baldaquin de l&rsquo;\u00e9glise d&rsquo;Andrest, le mobilier de l&rsquo;\u00e9glise de Tostat etc&#8230;<\/span><\/h5>\n<\/li>\n<li><\/li>\n<\/ul>\n<h5><span style=\"color: #008000;\">A noter que<a style=\"color: #008000;\" href=\"http:\/\/val-adour.fr\/le-val-dadour-terre-de-vie\/a-la-croisee-des-chemins\/\" target=\"_blank\" rel=\"noopener noreferrer\"> les Chemins de St-Jacques de Compostelle<\/a> traversent le Val d&rsquo;Adour et sont tr\u00e8s fr\u00e9quent\u00e9s en p\u00e9riode estivale. Des g\u00eetes jalonnent le parcours dont un \u00e0 Saint-L\u00e9zer dans le prieur\u00e9.<\/span><\/h5>\n","protected":false},"excerpt":{"rendered":"<p>Les 64 paroisses\u00a0 situ\u00e9es dans le\u00a0 nord du d\u00e9partement des Hautes-Pyr\u00e9n\u00e9es ont \u00e9t\u00e9 regroup\u00e9es, \u00e0 compter du 1er septembre 2025,\u00a0 en une seule : la paroisse Val d&rsquo;Adour. Elle est&#8230;<\/p>\n<p> <a class=\"continue-reading-link\" href=\"https:\/\/paroisses-vic-bigorre.fr\/?page_id=15647\"><span>LIRE LA SUITE<\/span><i class=\"crycon-right-dir\"><\/i><\/a> <\/p>\n","protected":false},"author":1,"featured_media":0,"parent":0,"menu_order":0,"comment_status":"closed","ping_status":"closed","template":"","meta":{"footnotes":""},"class_list":["post-15647","page","type-page","status-publish","hentry"],"jetpack_sharing_enabled":true,"_links":{"self":[{"href":"https:\/\/paroisses-vic-bigorre.fr\/index.php?rest_route=\/wp\/v2\/pages\/15647","targetHints":{"allow":["GET"]}}],"collection":[{"href":"https:\/\/paroisses-vic-bigorre.fr\/index.php?rest_route=\/wp\/v2\/pages"}],"about":[{"href":"https:\/\/paroisses-vic-bigorre.fr\/index.php?rest_route=\/wp\/v2\/types\/page"}],"author":[{"embeddable":true,"href":"https:\/\/paroisses-vic-bigorre.fr\/index.php?rest_route=\/wp\/v2\/users\/1"}],"replies":[{"embeddable":true,"href":"https:\/\/paroisses-vic-bigorre.fr\/index.php?rest_route=%2Fwp%2Fv2%2Fcomments&post=15647"}],"version-history":[{"count":18,"href":"https:\/\/paroisses-vic-bigorre.fr\/index.php?rest_route=\/wp\/v2\/pages\/15647\/revisions"}],"predecessor-version":[{"id":15651,"href":"https:\/\/paroisses-vic-bigorre.fr\/index.php?rest_route=\/wp\/v2\/pages\/15647\/revisions\/15651"}],"wp:attachment":[{"href":"https:\/\/paroisses-vic-bigorre.fr\/index.php?rest_route=%2Fwp%2Fv2%2Fmedia&parent=15647"}],"curies":[{"name":"wp","href":"https:\/\/api.w.org\/{rel}","templated":true}]}}